{"id":963,"date":"2020-11-11T21:05:31","date_gmt":"2020-11-11T21:05:31","guid":{"rendered":"https:\/\/escueladescritura.com\/?page_id=963"},"modified":"2022-07-18T18:01:02","modified_gmt":"2022-07-18T18:01:02","slug":"relato","status":"publish","type":"page","link":"https:\/\/escueladescritura.com\/index.php\/relato\/","title":{"rendered":"Relato"},"content":{"rendered":"\n<p>Un cuento es una ventana iluminada en la noche. Desde la calle vemos apenas un rostro enmarcado a trav\u00e9s de los visillos, atrapamos al vuelo una voz o una risa, y el peque\u00f1o fragmento de vida nos hace intuir o so\u00f1ar todo un universo. Un cuento juega con lo m\u00ednimo para sugerir lo m\u00e1ximo. Y es que, como dice Cort\u00e1zar, \u201ctodo cuento perdurable es como la semilla donde est\u00e1 durmiendo el \u00e1rbol gigantesco. Ese \u00e1rbol crecer\u00e1 en nosotros, dar\u00e1 su sombra en nuestra memoria\u201d.<\/p>\n\n\n\n<p>2021-2022<\/p>\n\n\n<style>.wp-show-posts-columns#wpsp-1928 {margin-left: -2em; }.wp-show-posts-columns#wpsp-1928 .wp-show-posts-inner {margin: 0 0 2em 2em; }<\/style><section id=\"wpsp-1928\" class=\" wp-show-posts-columns wp-show-posts\" style=\"\"><article class=\" wp-show-posts-single post-2040 post type-post status-publish format-standard hentry category-revista-club-21-22 category-revista-relato-21-22 wpsp-col-6\" itemtype=\"http:\/\/schema.org\/CreativeWork\" itemscope><div class=\"wp-show-posts-inner\" style=\"\">\t\t\t\t\t\t<header class=\"wp-show-posts-entry-header\">\n\t\t\t\t\t\t\t<h3 class=\"wp-show-posts-entry-title\" itemprop=\"headline\"><a href=\"https:\/\/escueladescritura.com\/index.php\/2022\/08\/30\/diario-de-un-detectivelolau\/\" rel=\"bookmark\">Diario de un detective<br>Lolau<\/a><\/h3><div class=\"wp-show-posts-entry-meta wp-show-posts-entry-meta-below-title post-meta-inline\"><span class=\"wp-show-posts-posted-on wp-show-posts-meta\">\n\t\t\t\t\t<a href=\"https:\/\/escueladescritura.com\/index.php\/2022\/08\/30\/diario-de-un-detectivelolau\/\" title=\"\" rel=\"bookmark\"><time class=\"wp-show-posts-entry-date published\" datetime=\"2022-08-30T17:53:17+00:00\" itemprop=\"datePublished\"><\/time><time class=\"wp-show-posts-updated\" datetime=\"2022-08-30T19:03:01+00:00\" itemprop=\"dateModified\"><\/time><\/a>\n\t\t\t\t<\/span><\/div>\t\t\t\t\t\t<\/header><!-- .entry-header -->\n\t\t\t\t\t<div class=\"wpsp-read-more\"><a title=\"Diario de un detectiveLolau\" class=\"read-more button\" href=\"https:\/\/escueladescritura.com\/index.php\/2022\/08\/30\/diario-de-un-detectivelolau\/\">LEER<\/a><\/div><\/div><!-- wp-show-posts-inner --><\/article><article class=\" wp-show-posts-single post-1932 post type-post status-publish format-standard hentry category-revista-relato-21-22 wpsp-col-6\" itemtype=\"http:\/\/schema.org\/CreativeWork\" itemscope><div class=\"wp-show-posts-inner\" style=\"\">\t\t\t\t\t\t<header class=\"wp-show-posts-entry-header\">\n\t\t\t\t\t\t\t<h3 class=\"wp-show-posts-entry-title\" itemprop=\"headline\"><a href=\"https:\/\/escueladescritura.com\/index.php\/2022\/07\/18\/un-puto-dia-cualquiera-de-algun-ano-miserablealejandro-chacon\/\" rel=\"bookmark\">Un puto d\u00eda cualquiera de alg\u00fan a\u00f1o miserable<br>Alejandro Chac\u00f3n<\/a><\/h3><div class=\"wp-show-posts-entry-meta wp-show-posts-entry-meta-below-title post-meta-inline\"><span class=\"wp-show-posts-posted-on wp-show-posts-meta\">\n\t\t\t\t\t<a href=\"https:\/\/escueladescritura.com\/index.php\/2022\/07\/18\/un-puto-dia-cualquiera-de-algun-ano-miserablealejandro-chacon\/\" title=\"\" rel=\"bookmark\"><time class=\"wp-show-posts-entry-date published\" datetime=\"2022-07-18T18:09:32+00:00\" itemprop=\"datePublished\"><\/time><time class=\"wp-show-posts-updated\" datetime=\"2022-07-18T18:09:34+00:00\" itemprop=\"dateModified\"><\/time><\/a>\n\t\t\t\t<\/span><\/div>\t\t\t\t\t\t<\/header><!-- .entry-header -->\n\t\t\t\t\t<div class=\"wpsp-read-more\"><a title=\"Un puto d\u00eda cualquiera de alg\u00fan a\u00f1o miserableAlejandro Chac\u00f3n\" class=\"read-more button\" href=\"https:\/\/escueladescritura.com\/index.php\/2022\/07\/18\/un-puto-dia-cualquiera-de-algun-ano-miserablealejandro-chacon\/\">LEER<\/a><\/div><\/div><!-- wp-show-posts-inner --><\/article><article class=\" wp-show-posts-single post-1930 post type-post status-publish format-standard hentry category-revista-relato-21-22 wpsp-col-6\" itemtype=\"http:\/\/schema.org\/CreativeWork\" itemscope><div class=\"wp-show-posts-inner\" style=\"\">\t\t\t\t\t\t<header class=\"wp-show-posts-entry-header\">\n\t\t\t\t\t\t\t<h3 class=\"wp-show-posts-entry-title\" itemprop=\"headline\"><a href=\"https:\/\/escueladescritura.com\/index.php\/2022\/07\/18\/mi-querido-abueloalejandro-chacon\/\" rel=\"bookmark\">Mi querido abuelo<br>Alejandro Chac\u00f3n<\/a><\/h3><div class=\"wp-show-posts-entry-meta wp-show-posts-entry-meta-below-title post-meta-inline\"><span class=\"wp-show-posts-posted-on wp-show-posts-meta\">\n\t\t\t\t\t<a href=\"https:\/\/escueladescritura.com\/index.php\/2022\/07\/18\/mi-querido-abueloalejandro-chacon\/\" title=\"\" rel=\"bookmark\"><time class=\"wp-show-posts-entry-date published\" datetime=\"2022-07-18T18:08:00+00:00\" itemprop=\"datePublished\"><\/time><time class=\"wp-show-posts-updated\" datetime=\"2022-07-18T18:08:02+00:00\" itemprop=\"dateModified\"><\/time><\/a>\n\t\t\t\t<\/span><\/div>\t\t\t\t\t\t<\/header><!-- .entry-header -->\n\t\t\t\t\t<div class=\"wpsp-read-more\"><a title=\"Mi querido abueloAlejandro Chac\u00f3n\" class=\"read-more button\" href=\"https:\/\/escueladescritura.com\/index.php\/2022\/07\/18\/mi-querido-abueloalejandro-chacon\/\">LEER<\/a><\/div><\/div><!-- wp-show-posts-inner --><\/article><article class=\" wp-show-posts-single post-1925 post type-post status-publish format-standard hentry category-revista-relato-21-22 wpsp-col-6\" itemtype=\"http:\/\/schema.org\/CreativeWork\" itemscope><div class=\"wp-show-posts-inner\" style=\"\">\t\t\t\t\t\t<header class=\"wp-show-posts-entry-header\">\n\t\t\t\t\t\t\t<h3 class=\"wp-show-posts-entry-title\" itemprop=\"headline\"><a href=\"https:\/\/escueladescritura.com\/index.php\/2022\/07\/18\/pandorabarbara-munumer\/\" rel=\"bookmark\">Pandora<br>B\u00e1rbara Mu\u00f1umer<\/a><\/h3><div class=\"wp-show-posts-entry-meta wp-show-posts-entry-meta-below-title post-meta-inline\"><span class=\"wp-show-posts-posted-on wp-show-posts-meta\">\n\t\t\t\t\t<a href=\"https:\/\/escueladescritura.com\/index.php\/2022\/07\/18\/pandorabarbara-munumer\/\" title=\"\" rel=\"bookmark\"><time class=\"wp-show-posts-entry-date published\" datetime=\"2022-07-18T17:59:27+00:00\" itemprop=\"datePublished\"><\/time><time class=\"wp-show-posts-updated\" datetime=\"2022-07-18T17:59:29+00:00\" itemprop=\"dateModified\"><\/time><\/a>\n\t\t\t\t<\/span><\/div>\t\t\t\t\t\t<\/header><!-- .entry-header -->\n\t\t\t\t\t<div class=\"wpsp-read-more\"><a title=\"PandoraB\u00e1rbara Mu\u00f1umer\" class=\"read-more button\" href=\"https:\/\/escueladescritura.com\/index.php\/2022\/07\/18\/pandorabarbara-munumer\/\">LEER<\/a><\/div><\/div><!-- wp-show-posts-inner --><\/article><div class=\"wpsp-clear\"><\/div><\/section><!-- .wp-show-posts -->\n\n\n\n<p><\/p>\n\n\n\n<p>2020-2021<\/p>\n\n\n<style>.wp-show-posts-columns#wpsp-1579 {margin-left: -2em; }.wp-show-posts-columns#wpsp-1579 .wp-show-posts-inner {margin: 0 0 2em 2em; }<\/style><section id=\"wpsp-1579\" class=\" wp-show-posts-columns wp-show-posts\" style=\"\"><article class=\" wp-show-posts-single post-1583 post type-post status-publish format-standard hentry category-revista-relato-20-21 wpsp-col-6\" itemtype=\"http:\/\/schema.org\/CreativeWork\" itemscope><div class=\"wp-show-posts-inner\" style=\"\">\t\t\t\t\t\t<header class=\"wp-show-posts-entry-header\">\n\t\t\t\t\t\t\t<h3 class=\"wp-show-posts-entry-title\" itemprop=\"headline\"><a href=\"https:\/\/escueladescritura.com\/index.php\/2021\/09\/26\/el-guitarristamaria-salud-corts\/\" rel=\"bookmark\">El guitarrista<br>Mar\u00eda Salud Corts Tormo<\/a><\/h3><div class=\"wp-show-posts-entry-meta wp-show-posts-entry-meta-below-title post-meta-inline\"><span class=\"wp-show-posts-posted-on wp-show-posts-meta\">\n\t\t\t\t\t<a href=\"https:\/\/escueladescritura.com\/index.php\/2021\/09\/26\/el-guitarristamaria-salud-corts\/\" title=\"\" rel=\"bookmark\"><time class=\"wp-show-posts-entry-date published\" datetime=\"2021-09-26T19:15:15+00:00\" itemprop=\"datePublished\"><\/time><time class=\"wp-show-posts-updated\" datetime=\"2021-09-26T22:11:28+00:00\" itemprop=\"dateModified\"><\/time><\/a>\n\t\t\t\t<\/span><\/div>\t\t\t\t\t\t<\/header><!-- .entry-header -->\n\t\t\t\t\t<div class=\"wpsp-read-more\"><a title=\"El guitarristaMar\u00eda Salud Corts Tormo\" class=\"read-more button\" href=\"https:\/\/escueladescritura.com\/index.php\/2021\/09\/26\/el-guitarristamaria-salud-corts\/\">LEER<\/a><\/div><\/div><!-- wp-show-posts-inner --><\/article><article class=\" wp-show-posts-single post-1576 post type-post status-publish format-standard hentry category-revista-relato-20-21 wpsp-col-6\" itemtype=\"http:\/\/schema.org\/CreativeWork\" itemscope><div class=\"wp-show-posts-inner\" style=\"\">\t\t\t\t\t\t<header class=\"wp-show-posts-entry-header\">\n\t\t\t\t\t\t\t<h3 class=\"wp-show-posts-entry-title\" itemprop=\"headline\"><a href=\"https:\/\/escueladescritura.com\/index.php\/2021\/09\/26\/al-otro-lado-del-maramelia-retamero\/\" rel=\"bookmark\">Al otro lado del mar<br>Amelia Retamero<\/a><\/h3><div class=\"wp-show-posts-entry-meta wp-show-posts-entry-meta-below-title post-meta-inline\"><span class=\"wp-show-posts-posted-on wp-show-posts-meta\">\n\t\t\t\t\t<a href=\"https:\/\/escueladescritura.com\/index.php\/2021\/09\/26\/al-otro-lado-del-maramelia-retamero\/\" title=\"\" rel=\"bookmark\"><time class=\"wp-show-posts-entry-date published\" datetime=\"2021-09-26T19:00:22+00:00\" itemprop=\"datePublished\"><\/time><time class=\"wp-show-posts-updated\" datetime=\"2021-09-26T19:00:24+00:00\" itemprop=\"dateModified\"><\/time><\/a>\n\t\t\t\t<\/span><\/div>\t\t\t\t\t\t<\/header><!-- .entry-header -->\n\t\t\t\t\t<div class=\"wpsp-read-more\"><a title=\"Al otro lado del marAmelia Retamero\" class=\"read-more button\" href=\"https:\/\/escueladescritura.com\/index.php\/2021\/09\/26\/al-otro-lado-del-maramelia-retamero\/\">LEER<\/a><\/div><\/div><!-- wp-show-posts-inner --><\/article><div class=\"wpsp-clear\"><\/div><\/section><!-- .wp-show-posts -->\n\n\n\n<p><\/p>\n\n\n\n<p>2019-2020<\/p>\n\n\n\n<p id=\"block-41ed7f98-506b-41d6-8df0-44e2b866f198\"><style>.wp-show-posts-columns#wpsp-1024 {margin-left: -2em; }.wp-show-posts-columns#wpsp-1024 .wp-show-posts-inner {margin: 0 0 2em 2em; }<\/style><section id=\"wpsp-1024\" class=\" wp-show-posts-columns wp-show-posts\" style=\"\"><article class=\" wp-show-posts-single post-1804 post type-post status-publish format-standard hentry category-revista-pizarra category-revista-relato wpsp-col-6\" itemtype=\"http:\/\/schema.org\/CreativeWork\" itemscope><div class=\"wp-show-posts-inner\" style=\"\">\t\t\t\t\t\t<header class=\"wp-show-posts-entry-header\">\n\t\t\t\t\t\t\t<h3 class=\"wp-show-posts-entry-title\" itemprop=\"headline\"><a href=\"https:\/\/escueladescritura.com\/index.php\/2022\/01\/10\/alrededor-de-la-fogata-el-arte-del-cuentocristina-galvez-garcia\/\" rel=\"bookmark\">ALREDEDOR DE LA FOGATA: EL ARTE DEL CUENTO<br>Cristina G\u00e1lvez Garc\u00eda<\/a><\/h3><div class=\"wp-show-posts-entry-meta wp-show-posts-entry-meta-below-title post-meta-inline\"><span class=\"wp-show-posts-posted-on wp-show-posts-meta\">\n\t\t\t\t\t<a href=\"https:\/\/escueladescritura.com\/index.php\/2022\/01\/10\/alrededor-de-la-fogata-el-arte-del-cuentocristina-galvez-garcia\/\" title=\"\" rel=\"bookmark\"><time class=\"wp-show-posts-entry-date published\" datetime=\"2022-01-10T20:09:28+00:00\" itemprop=\"datePublished\"><\/time><time class=\"wp-show-posts-updated\" datetime=\"2022-01-10T20:13:14+00:00\" itemprop=\"dateModified\"><\/time><\/a>\n\t\t\t\t<\/span><\/div>\t\t\t\t\t\t<\/header><!-- .entry-header -->\n\t\t\t\t\t<div class=\"wpsp-read-more\"><a title=\"ALREDEDOR DE LA FOGATA: EL ARTE DEL CUENTOCristina G\u00e1lvez Garc\u00eda\" class=\"read-more button\" href=\"https:\/\/escueladescritura.com\/index.php\/2022\/01\/10\/alrededor-de-la-fogata-el-arte-del-cuentocristina-galvez-garcia\/\">LEER<\/a><\/div><\/div><!-- wp-show-posts-inner --><\/article><article class=\" wp-show-posts-single post-1442 post type-post status-publish format-standard hentry category-revista-relato tag-relatos wpsp-col-6\" itemtype=\"http:\/\/schema.org\/CreativeWork\" itemscope><div class=\"wp-show-posts-inner\" style=\"\">\t\t\t\t\t\t<header class=\"wp-show-posts-entry-header\">\n\t\t\t\t\t\t\t<h3 class=\"wp-show-posts-entry-title\" itemprop=\"headline\"><a href=\"https:\/\/escueladescritura.com\/index.php\/2021\/05\/15\/noches-con-la-almohadanieves-ruiz\/\" rel=\"bookmark\">Noches con la almohada<br>Nieves Ruiz<\/a><\/h3><div class=\"wp-show-posts-entry-meta wp-show-posts-entry-meta-below-title post-meta-inline\"><span class=\"wp-show-posts-posted-on wp-show-posts-meta\">\n\t\t\t\t\t<a href=\"https:\/\/escueladescritura.com\/index.php\/2021\/05\/15\/noches-con-la-almohadanieves-ruiz\/\" title=\"\" rel=\"bookmark\"><time class=\"wp-show-posts-entry-date published\" datetime=\"2021-05-15T11:58:48+00:00\" itemprop=\"datePublished\"><\/time><time class=\"wp-show-posts-updated\" datetime=\"2021-05-15T11:58:50+00:00\" itemprop=\"dateModified\"><\/time><\/a>\n\t\t\t\t<\/span><\/div>\t\t\t\t\t\t<\/header><!-- .entry-header -->\n\t\t\t\t\t<div class=\"wpsp-read-more\"><a title=\"Noches con la almohadaNieves Ruiz\" class=\"read-more button\" href=\"https:\/\/escueladescritura.com\/index.php\/2021\/05\/15\/noches-con-la-almohadanieves-ruiz\/\">LEER<\/a><\/div><\/div><!-- wp-show-posts-inner --><\/article><article class=\" wp-show-posts-single post-1428 post type-post status-publish format-standard hentry category-revista-relato tag-19-20 tag-relato wpsp-col-6\" itemtype=\"http:\/\/schema.org\/CreativeWork\" itemscope><div class=\"wp-show-posts-inner\" style=\"\">\t\t\t\t\t\t<header class=\"wp-show-posts-entry-header\">\n\t\t\t\t\t\t\t<h3 class=\"wp-show-posts-entry-title\" itemprop=\"headline\"><a href=\"https:\/\/escueladescritura.com\/index.php\/2021\/05\/06\/la-caidabarbara-munumer\/\" rel=\"bookmark\">La ca\u00edda<br>B\u00e1rbara Mu\u00f1umer<\/a><\/h3><div class=\"wp-show-posts-entry-meta wp-show-posts-entry-meta-below-title post-meta-inline\"><span class=\"wp-show-posts-posted-on wp-show-posts-meta\">\n\t\t\t\t\t<a href=\"https:\/\/escueladescritura.com\/index.php\/2021\/05\/06\/la-caidabarbara-munumer\/\" title=\"\" rel=\"bookmark\"><time class=\"wp-show-posts-entry-date published\" datetime=\"2021-05-06T17:51:20+00:00\" itemprop=\"datePublished\"><\/time><time class=\"wp-show-posts-updated\" datetime=\"2021-05-06T17:51:22+00:00\" itemprop=\"dateModified\"><\/time><\/a>\n\t\t\t\t<\/span><\/div>\t\t\t\t\t\t<\/header><!-- .entry-header -->\n\t\t\t\t\t<div class=\"wpsp-read-more\"><a title=\"La ca\u00eddaB\u00e1rbara Mu\u00f1umer\" class=\"read-more button\" href=\"https:\/\/escueladescritura.com\/index.php\/2021\/05\/06\/la-caidabarbara-munumer\/\">LEER<\/a><\/div><\/div><!-- wp-show-posts-inner --><\/article><article class=\" wp-show-posts-single post-1426 post type-post status-publish format-standard hentry category-revista-relato tag-19-20 tag-relato wpsp-col-6\" itemtype=\"http:\/\/schema.org\/CreativeWork\" itemscope><div class=\"wp-show-posts-inner\" style=\"\">\t\t\t\t\t\t<header class=\"wp-show-posts-entry-header\">\n\t\t\t\t\t\t\t<h3 class=\"wp-show-posts-entry-title\" itemprop=\"headline\"><a href=\"https:\/\/escueladescritura.com\/index.php\/2021\/05\/06\/la-indecision-con-patasisabel-g-fiestas\/\" rel=\"bookmark\">La indecisi\u00f3n con patas<br>Isabel G. Fiestas<\/a><\/h3><div class=\"wp-show-posts-entry-meta wp-show-posts-entry-meta-below-title post-meta-inline\"><span class=\"wp-show-posts-posted-on wp-show-posts-meta\">\n\t\t\t\t\t<a href=\"https:\/\/escueladescritura.com\/index.php\/2021\/05\/06\/la-indecision-con-patasisabel-g-fiestas\/\" title=\"\" rel=\"bookmark\"><time class=\"wp-show-posts-entry-date published\" datetime=\"2021-05-06T17:46:38+00:00\" itemprop=\"datePublished\"><\/time><time class=\"wp-show-posts-updated\" datetime=\"2021-05-06T17:48:58+00:00\" itemprop=\"dateModified\"><\/time><\/a>\n\t\t\t\t<\/span><\/div>\t\t\t\t\t\t<\/header><!-- .entry-header -->\n\t\t\t\t\t<div class=\"wpsp-read-more\"><a title=\"La indecisi\u00f3n con patasIsabel G. Fiestas\" class=\"read-more button\" href=\"https:\/\/escueladescritura.com\/index.php\/2021\/05\/06\/la-indecision-con-patasisabel-g-fiestas\/\">LEER<\/a><\/div><\/div><!-- wp-show-posts-inner --><\/article><article class=\" wp-show-posts-single post-1424 post type-post status-publish format-standard hentry category-revista-relato tag-19-20 tag-relato wpsp-col-6\" itemtype=\"http:\/\/schema.org\/CreativeWork\" itemscope><div class=\"wp-show-posts-inner\" style=\"\">\t\t\t\t\t\t<header class=\"wp-show-posts-entry-header\">\n\t\t\t\t\t\t\t<h3 class=\"wp-show-posts-entry-title\" itemprop=\"headline\"><a href=\"https:\/\/escueladescritura.com\/index.php\/2021\/05\/06\/eva-ya-no-come-manzanascristina-garrido-moraleda\/\" rel=\"bookmark\">Eva ya no come manzanas<br>Cristina Garrido Moraleda<\/a><\/h3><div class=\"wp-show-posts-entry-meta wp-show-posts-entry-meta-below-title post-meta-inline\"><span class=\"wp-show-posts-posted-on wp-show-posts-meta\">\n\t\t\t\t\t<a href=\"https:\/\/escueladescritura.com\/index.php\/2021\/05\/06\/eva-ya-no-come-manzanascristina-garrido-moraleda\/\" title=\"\" rel=\"bookmark\"><time class=\"wp-show-posts-entry-date published\" datetime=\"2021-05-06T17:42:58+00:00\" itemprop=\"datePublished\"><\/time><time class=\"wp-show-posts-updated\" datetime=\"2021-05-06T17:49:36+00:00\" itemprop=\"dateModified\"><\/time><\/a>\n\t\t\t\t<\/span><\/div>\t\t\t\t\t\t<\/header><!-- .entry-header -->\n\t\t\t\t\t<div class=\"wpsp-read-more\"><a title=\"Eva ya no come manzanasCristina Garrido Moraleda\" class=\"read-more button\" href=\"https:\/\/escueladescritura.com\/index.php\/2021\/05\/06\/eva-ya-no-come-manzanascristina-garrido-moraleda\/\">LEER<\/a><\/div><\/div><!-- wp-show-posts-inner --><\/article><article class=\" wp-show-posts-single post-1337 post type-post status-publish format-standard hentry category-revista-relato tag-19-20 tag-relato wpsp-col-6\" itemtype=\"http:\/\/schema.org\/CreativeWork\" itemscope><div class=\"wp-show-posts-inner\" style=\"\">\t\t\t\t\t\t<header class=\"wp-show-posts-entry-header\">\n\t\t\t\t\t\t\t<h3 class=\"wp-show-posts-entry-title\" itemprop=\"headline\"><a href=\"https:\/\/escueladescritura.com\/index.php\/2021\/02\/20\/la-vida-bajo-tierraelvira-martinez-de-tejada-canizares\/\" rel=\"bookmark\">La vida bajo tierra<br>Elvira Mart\u00ednez de Tejada Ca\u00f1izares<\/a><\/h3><div class=\"wp-show-posts-entry-meta wp-show-posts-entry-meta-below-title post-meta-inline\"><span class=\"wp-show-posts-posted-on wp-show-posts-meta\">\n\t\t\t\t\t<a href=\"https:\/\/escueladescritura.com\/index.php\/2021\/02\/20\/la-vida-bajo-tierraelvira-martinez-de-tejada-canizares\/\" title=\"\" rel=\"bookmark\"><time class=\"wp-show-posts-entry-date published\" datetime=\"2021-02-20T18:52:39+00:00\" itemprop=\"datePublished\"><\/time><time class=\"wp-show-posts-updated\" datetime=\"2021-02-20T18:52:40+00:00\" itemprop=\"dateModified\"><\/time><\/a>\n\t\t\t\t<\/span><\/div>\t\t\t\t\t\t<\/header><!-- .entry-header -->\n\t\t\t\t\t<div class=\"wpsp-read-more\"><a title=\"La vida bajo tierraElvira Mart\u00ednez de Tejada Ca\u00f1izares\" class=\"read-more button\" href=\"https:\/\/escueladescritura.com\/index.php\/2021\/02\/20\/la-vida-bajo-tierraelvira-martinez-de-tejada-canizares\/\">LEER<\/a><\/div><\/div><!-- wp-show-posts-inner --><\/article><article class=\" wp-show-posts-single post-1320 post type-post status-publish format-standard hentry category-revista-relato tag-19-20 tag-relato wpsp-col-6\" itemtype=\"http:\/\/schema.org\/CreativeWork\" itemscope><div class=\"wp-show-posts-inner\" style=\"\">\t\t\t\t\t\t<header class=\"wp-show-posts-entry-header\">\n\t\t\t\t\t\t\t<h3 class=\"wp-show-posts-entry-title\" itemprop=\"headline\"><a href=\"https:\/\/escueladescritura.com\/index.php\/2021\/02\/15\/el-caso-de-las-pieles-robadasmaria-alcazar\/\" rel=\"bookmark\">El caso de las pieles robadas<br>Mar\u00eda Alc\u00e1zar<\/a><\/h3><div class=\"wp-show-posts-entry-meta wp-show-posts-entry-meta-below-title post-meta-inline\"><span class=\"wp-show-posts-posted-on wp-show-posts-meta\">\n\t\t\t\t\t<a href=\"https:\/\/escueladescritura.com\/index.php\/2021\/02\/15\/el-caso-de-las-pieles-robadasmaria-alcazar\/\" title=\"\" rel=\"bookmark\"><time class=\"wp-show-posts-entry-date published\" datetime=\"2021-02-15T20:38:22+00:00\" itemprop=\"datePublished\"><\/time><time class=\"wp-show-posts-updated\" datetime=\"2021-02-15T20:38:24+00:00\" itemprop=\"dateModified\"><\/time><\/a>\n\t\t\t\t<\/span><\/div>\t\t\t\t\t\t<\/header><!-- .entry-header -->\n\t\t\t\t\t<div class=\"wpsp-read-more\"><a title=\"El caso de las pieles robadasMar\u00eda Alc\u00e1zar\" class=\"read-more button\" href=\"https:\/\/escueladescritura.com\/index.php\/2021\/02\/15\/el-caso-de-las-pieles-robadasmaria-alcazar\/\">LEER<\/a><\/div><\/div><!-- wp-show-posts-inner --><\/article><article class=\" wp-show-posts-single post-1288 post type-post status-publish format-standard hentry category-revista-relato tag-19-20 tag-relato tag-revista-relatos wpsp-col-6\" itemtype=\"http:\/\/schema.org\/CreativeWork\" itemscope><div class=\"wp-show-posts-inner\" style=\"\">\t\t\t\t\t\t<header class=\"wp-show-posts-entry-header\">\n\t\t\t\t\t\t\t<h3 class=\"wp-show-posts-entry-title\" itemprop=\"headline\"><a href=\"https:\/\/escueladescritura.com\/index.php\/2021\/02\/01\/priyavictor-aldaya-garcia\/\" rel=\"bookmark\">Priya<br>V\u00edctor Aldaya Garc\u00eda<\/a><\/h3><div class=\"wp-show-posts-entry-meta wp-show-posts-entry-meta-below-title post-meta-inline\"><span class=\"wp-show-posts-posted-on wp-show-posts-meta\">\n\t\t\t\t\t<a href=\"https:\/\/escueladescritura.com\/index.php\/2021\/02\/01\/priyavictor-aldaya-garcia\/\" title=\"\" rel=\"bookmark\"><time class=\"wp-show-posts-entry-date published\" datetime=\"2021-02-01T20:18:28+00:00\" itemprop=\"datePublished\"><\/time><time class=\"wp-show-posts-updated\" datetime=\"2021-02-15T20:52:41+00:00\" itemprop=\"dateModified\"><\/time><\/a>\n\t\t\t\t<\/span><\/div>\t\t\t\t\t\t<\/header><!-- .entry-header -->\n\t\t\t\t\t<div class=\"wpsp-read-more\"><a title=\"PriyaV\u00edctor Aldaya Garc\u00eda\" class=\"read-more button\" href=\"https:\/\/escueladescritura.com\/index.php\/2021\/02\/01\/priyavictor-aldaya-garcia\/\">LEER<\/a><\/div><\/div><!-- wp-show-posts-inner --><\/article><article class=\" wp-show-posts-single post-1286 post type-post status-publish format-standard hentry category-revista-relato tag-19-20 tag-relatos tag-revista-relatos wpsp-col-6\" itemtype=\"http:\/\/schema.org\/CreativeWork\" itemscope><div class=\"wp-show-posts-inner\" style=\"\">\t\t\t\t\t\t<header class=\"wp-show-posts-entry-header\">\n\t\t\t\t\t\t\t<h3 class=\"wp-show-posts-entry-title\" itemprop=\"headline\"><a href=\"https:\/\/escueladescritura.com\/index.php\/2021\/02\/01\/pajarosvirtudes-olvera-lopez\/\" rel=\"bookmark\">P\u00e1jaros<br>Virtudes Olvera L\u00f3pez<\/a><\/h3><div class=\"wp-show-posts-entry-meta wp-show-posts-entry-meta-below-title post-meta-inline\"><span class=\"wp-show-posts-posted-on wp-show-posts-meta\">\n\t\t\t\t\t<a href=\"https:\/\/escueladescritura.com\/index.php\/2021\/02\/01\/pajarosvirtudes-olvera-lopez\/\" title=\"\" rel=\"bookmark\"><time class=\"wp-show-posts-entry-date published\" datetime=\"2021-02-01T20:15:38+00:00\" itemprop=\"datePublished\"><\/time><time class=\"wp-show-posts-updated\" datetime=\"2021-02-15T20:53:00+00:00\" itemprop=\"dateModified\"><\/time><\/a>\n\t\t\t\t<\/span><\/div>\t\t\t\t\t\t<\/header><!-- .entry-header -->\n\t\t\t\t\t<div class=\"wpsp-read-more\"><a title=\"P\u00e1jarosVirtudes Olvera L\u00f3pez\" class=\"read-more button\" href=\"https:\/\/escueladescritura.com\/index.php\/2021\/02\/01\/pajarosvirtudes-olvera-lopez\/\">LEER<\/a><\/div><\/div><!-- wp-show-posts-inner --><\/article><article class=\" wp-show-posts-single post-1171 post type-post status-publish format-standard hentry category-revista-relato tag-19-20 tag-revista-relatos wpsp-col-6\" itemtype=\"http:\/\/schema.org\/CreativeWork\" itemscope><div class=\"wp-show-posts-inner\" style=\"\">\t\t\t\t\t\t<header class=\"wp-show-posts-entry-header\">\n\t\t\t\t\t\t\t<h3 class=\"wp-show-posts-entry-title\" itemprop=\"headline\"><a href=\"https:\/\/escueladescritura.com\/index.php\/2020\/12\/22\/infancia-rotaisabel-g-fiestas\/\" rel=\"bookmark\">Infancia rota<br>Isabel G. Fiestas<\/a><\/h3><div class=\"wp-show-posts-entry-meta wp-show-posts-entry-meta-below-title post-meta-inline\"><span class=\"wp-show-posts-posted-on wp-show-posts-meta\">\n\t\t\t\t\t<a href=\"https:\/\/escueladescritura.com\/index.php\/2020\/12\/22\/infancia-rotaisabel-g-fiestas\/\" title=\"\" rel=\"bookmark\"><time class=\"wp-show-posts-entry-date published\" datetime=\"2020-12-22T11:42:07+00:00\" itemprop=\"datePublished\"><\/time><time class=\"wp-show-posts-updated\" datetime=\"2021-02-15T21:02:24+00:00\" itemprop=\"dateModified\"><\/time><\/a>\n\t\t\t\t<\/span><\/div>\t\t\t\t\t\t<\/header><!-- .entry-header -->\n\t\t\t\t\t<div class=\"wpsp-read-more\"><a title=\"Infancia rotaIsabel G. Fiestas\" class=\"read-more button\" href=\"https:\/\/escueladescritura.com\/index.php\/2020\/12\/22\/infancia-rotaisabel-g-fiestas\/\">LEER<\/a><\/div><\/div><!-- wp-show-posts-inner --><\/article><article class=\" wp-show-posts-single post-1128 post type-post status-publish format-standard hentry category-revista-relato tag-19-20 tag-relato wpsp-col-6\" itemtype=\"http:\/\/schema.org\/CreativeWork\" itemscope><div class=\"wp-show-posts-inner\" style=\"\">\t\t\t\t\t\t<header class=\"wp-show-posts-entry-header\">\n\t\t\t\t\t\t\t<h3 class=\"wp-show-posts-entry-title\" itemprop=\"headline\"><a href=\"https:\/\/escueladescritura.com\/index.php\/2020\/12\/17\/se-tuvieron-animalesnieves-ruiz\/\" rel=\"bookmark\">Se tuvieron animales<br>Nieves Ruiz<\/a><\/h3><div class=\"wp-show-posts-entry-meta wp-show-posts-entry-meta-below-title post-meta-inline\"><span class=\"wp-show-posts-posted-on wp-show-posts-meta\">\n\t\t\t\t\t<a href=\"https:\/\/escueladescritura.com\/index.php\/2020\/12\/17\/se-tuvieron-animalesnieves-ruiz\/\" title=\"\" rel=\"bookmark\"><time class=\"wp-show-posts-entry-date published\" datetime=\"2020-12-17T00:43:00+00:00\" itemprop=\"datePublished\"><\/time><time class=\"wp-show-posts-updated\" datetime=\"2021-02-15T21:06:54+00:00\" itemprop=\"dateModified\"><\/time><\/a>\n\t\t\t\t<\/span><\/div>\t\t\t\t\t\t<\/header><!-- .entry-header -->\n\t\t\t\t\t<div class=\"wpsp-read-more\"><a title=\"Se tuvieron animalesNieves Ruiz\" class=\"read-more button\" href=\"https:\/\/escueladescritura.com\/index.php\/2020\/12\/17\/se-tuvieron-animalesnieves-ruiz\/\">LEER<\/a><\/div><\/div><!-- wp-show-posts-inner --><\/article><article class=\" wp-show-posts-single post-1125 post type-post status-publish format-standard hentry category-revista-relato tag-19-20 tag-revista-relatos wpsp-col-6\" itemtype=\"http:\/\/schema.org\/CreativeWork\" itemscope><div class=\"wp-show-posts-inner\" style=\"\">\t\t\t\t\t\t<header class=\"wp-show-posts-entry-header\">\n\t\t\t\t\t\t\t<h3 class=\"wp-show-posts-entry-title\" itemprop=\"headline\"><a href=\"https:\/\/escueladescritura.com\/index.php\/2020\/12\/14\/historia-para-una-foto-cristina-garrido\/\" rel=\"bookmark\">Historia para una foto<br> Cristina Garrido<\/a><\/h3><div class=\"wp-show-posts-entry-meta wp-show-posts-entry-meta-below-title post-meta-inline\"><span class=\"wp-show-posts-posted-on wp-show-posts-meta\">\n\t\t\t\t\t<a href=\"https:\/\/escueladescritura.com\/index.php\/2020\/12\/14\/historia-para-una-foto-cristina-garrido\/\" title=\"\" rel=\"bookmark\"><time class=\"wp-show-posts-entry-date published\" datetime=\"2020-12-14T23:39:50+00:00\" itemprop=\"datePublished\"><\/time><time class=\"wp-show-posts-updated\" datetime=\"2021-02-15T21:10:44+00:00\" itemprop=\"dateModified\"><\/time><\/a>\n\t\t\t\t<\/span><\/div>\t\t\t\t\t\t<\/header><!-- .entry-header -->\n\t\t\t\t\t<div class=\"wpsp-read-more\"><a title=\"Historia para una foto Cristina Garrido\" class=\"read-more button\" href=\"https:\/\/escueladescritura.com\/index.php\/2020\/12\/14\/historia-para-una-foto-cristina-garrido\/\">LEER<\/a><\/div><\/div><!-- wp-show-posts-inner --><\/article><article class=\" wp-show-posts-single post-1049 post type-post status-publish format-standard hentry category-revista-relato tag-19-20 tag-revista-relatos wpsp-col-6\" itemtype=\"http:\/\/schema.org\/CreativeWork\" itemscope><div class=\"wp-show-posts-inner\" style=\"\">\t\t\t\t\t\t<header class=\"wp-show-posts-entry-header\">\n\t\t\t\t\t\t\t<h3 class=\"wp-show-posts-entry-title\" itemprop=\"headline\"><a href=\"https:\/\/escueladescritura.com\/index.php\/2020\/12\/03\/la-pintora-de-suenos\/\" rel=\"bookmark\">La pintora de sue\u00f1os<br>B\u00e1rbara Mu\u00f1umer<\/a><\/h3><div class=\"wp-show-posts-entry-meta wp-show-posts-entry-meta-below-title post-meta-inline\"><span class=\"wp-show-posts-posted-on wp-show-posts-meta\">\n\t\t\t\t\t<a href=\"https:\/\/escueladescritura.com\/index.php\/2020\/12\/03\/la-pintora-de-suenos\/\" title=\"\" rel=\"bookmark\"><time class=\"wp-show-posts-entry-date published\" datetime=\"2020-12-03T19:03:44+00:00\" itemprop=\"datePublished\"><\/time><time class=\"wp-show-posts-updated\" datetime=\"2021-04-13T20:56:42+00:00\" itemprop=\"dateModified\"><\/time><\/a>\n\t\t\t\t<\/span><\/div>\t\t\t\t\t\t<\/header><!-- .entry-header -->\n\t\t\t\t\t<div class=\"wpsp-read-more\"><a title=\"La pintora de sue\u00f1osB\u00e1rbara Mu\u00f1umer\" class=\"read-more button\" href=\"https:\/\/escueladescritura.com\/index.php\/2020\/12\/03\/la-pintora-de-suenos\/\">LEER<\/a><\/div><\/div><!-- wp-show-posts-inner --><\/article><article class=\" wp-show-posts-single post-1047 post type-post status-publish format-standard hentry category-revista-relato tag-19-20 tag-revista-relatos wpsp-col-6\" itemtype=\"http:\/\/schema.org\/CreativeWork\" itemscope><div class=\"wp-show-posts-inner\" style=\"\">\t\t\t\t\t\t<header class=\"wp-show-posts-entry-header\">\n\t\t\t\t\t\t\t<h3 class=\"wp-show-posts-entry-title\" itemprop=\"headline\"><a href=\"https:\/\/escueladescritura.com\/index.php\/2020\/12\/03\/amigas\/\" rel=\"bookmark\">Amigas<br>Marisol Fern\u00e1ndez<\/a><\/h3><div class=\"wp-show-posts-entry-meta wp-show-posts-entry-meta-below-title post-meta-inline\"><span class=\"wp-show-posts-posted-on wp-show-posts-meta\">\n\t\t\t\t\t<a href=\"https:\/\/escueladescritura.com\/index.php\/2020\/12\/03\/amigas\/\" title=\"\" rel=\"bookmark\"><time class=\"wp-show-posts-entry-date published\" datetime=\"2020-12-03T19:01:39+00:00\" itemprop=\"datePublished\"><\/time><time class=\"wp-show-posts-updated\" datetime=\"2021-02-15T21:14:28+00:00\" itemprop=\"dateModified\"><\/time><\/a>\n\t\t\t\t<\/span><\/div>\t\t\t\t\t\t<\/header><!-- .entry-header -->\n\t\t\t\t\t<div class=\"wpsp-read-more\"><a title=\"AmigasMarisol Fern\u00e1ndez\" class=\"read-more button\" href=\"https:\/\/escueladescritura.com\/index.php\/2020\/12\/03\/amigas\/\">LEER<\/a><\/div><\/div><!-- wp-show-posts-inner --><\/article><article class=\" wp-show-posts-single post-1045 post type-post status-publish format-standard hentry category-revista-relato tag-19-20 tag-club-de-escritura tag-club-martes wpsp-col-6\" itemtype=\"http:\/\/schema.org\/CreativeWork\" itemscope><div class=\"wp-show-posts-inner\" style=\"\">\t\t\t\t\t\t<header class=\"wp-show-posts-entry-header\">\n\t\t\t\t\t\t\t<h3 class=\"wp-show-posts-entry-title\" itemprop=\"headline\"><a href=\"https:\/\/escueladescritura.com\/index.php\/2020\/12\/01\/tierra\/\" rel=\"bookmark\">\u00a1Tierra!<br>Irene Fern\u00e1ndez Romacho<\/a><\/h3><div class=\"wp-show-posts-entry-meta wp-show-posts-entry-meta-below-title post-meta-inline\"><span class=\"wp-show-posts-posted-on wp-show-posts-meta\">\n\t\t\t\t\t<a href=\"https:\/\/escueladescritura.com\/index.php\/2020\/12\/01\/tierra\/\" title=\"\" rel=\"bookmark\"><time class=\"wp-show-posts-entry-date published\" datetime=\"2020-12-01T11:25:58+00:00\" itemprop=\"datePublished\"><\/time><time class=\"wp-show-posts-updated\" datetime=\"2021-02-15T21:14:56+00:00\" itemprop=\"dateModified\"><\/time><\/a>\n\t\t\t\t<\/span><\/div>\t\t\t\t\t\t<\/header><!-- .entry-header -->\n\t\t\t\t\t<div class=\"wpsp-read-more\"><a title=\"\u00a1Tierra!Irene Fern\u00e1ndez Romacho\" class=\"read-more button\" href=\"https:\/\/escueladescritura.com\/index.php\/2020\/12\/01\/tierra\/\">LEER<\/a><\/div><\/div><!-- wp-show-posts-inner --><\/article><div class=\"wpsp-clear\"><\/div><\/section><!-- .wp-show-posts --><\/p>\n","protected":false},"excerpt":{"rendered":"<p>Un cuento es una ventana iluminada en la noche. Desde la calle vemos apenas un rostro enmarcado a trav\u00e9s de los visillos, atrapamos al vuelo una voz o una risa, y el peque\u00f1o fragmento de vida nos hace intuir o &#8230; <\/p>\n<p class=\"read-more-container\"><a title=\"\u00a1Tierra!Irene Fern\u00e1ndez Romacho\" class=\"read-more button\" href=\"https:\/\/escueladescritura.com\/index.php\/2020\/12\/01\/tierra\/#more-1045\" aria-label=\"Leer m\u00e1s sobre \u00a1Tierra!Irene Fern\u00e1ndez Romacho\">Leer M\u00e1s<\/a><\/p>\n","protected":false},"author":1,"featured_media":0,"parent":0,"menu_order":0,"comment_status":"closed","ping_status":"closed","template":"","meta":{"footnotes":""},"class_list":["post-963","page","type-page","status-publish","hentry","infinite-scroll-item","no-featured-image-padding"],"_links":{"self":[{"href":"https:\/\/escueladescritura.com\/index.php\/wp-json\/wp\/v2\/pages\/963","targetHints":{"allow":["GET"]}}],"collection":[{"href":"https:\/\/escueladescritura.com\/index.php\/wp-json\/wp\/v2\/pages"}],"about":[{"href":"https:\/\/escueladescritura.com\/index.php\/wp-json\/wp\/v2\/types\/page"}],"author":[{"embeddable":true,"href":"https:\/\/escueladescritura.com\/index.php\/wp-json\/wp\/v2\/users\/1"}],"replies":[{"embeddable":true,"href":"https:\/\/escueladescritura.com\/index.php\/wp-json\/wp\/v2\/comments?post=963"}],"version-history":[{"count":6,"href":"https:\/\/escueladescritura.com\/index.php\/wp-json\/wp\/v2\/pages\/963\/revisions"}],"predecessor-version":[{"id":1929,"href":"https:\/\/escueladescritura.com\/index.php\/wp-json\/wp\/v2\/pages\/963\/revisions\/1929"}],"wp:attachment":[{"href":"https:\/\/escueladescritura.com\/index.php\/wp-json\/wp\/v2\/media?parent=963"}],"curies":[{"name":"wp","href":"https:\/\/api.w.org\/{rel}","templated":true}]}}